{"id":81392,"date":"2026-04-10T09:28:11","date_gmt":"2026-04-10T08:28:11","guid":{"rendered":"https:\/\/aspres-thuir.com\/evenement\/theatre-de-linattendu-saison-2025-2026\/"},"modified":"2026-05-01T03:15:15","modified_gmt":"2026-05-01T01:15:15","slug":"theatre-de-linattendu-saison-2025-2026","status":"publish","type":"tsc_evenement","link":"https:\/\/aspres-thuir.com\/ca\/evenement\/theatre-de-linattendu-saison-2025-2026\/","title":{"rendered":"TH\u00c9\u00c2TRE DE L&#8217;INATTENDU SAISON 2025\/2026"},"content":{"rendered":"<p>Au c\u0153ur du territoire des Aspres, un petit \u00e9crin de culture et de convivialit\u00e9 a vu le jour il y a dix ans. Cet \u00e9crin, c\u2019est le Th\u00e9\u00e2tre de l\u2019Inattendu, \u00e0 Villemolaque. Lieu de r\u00e9p\u00e9titions, de cr\u00e9ations et de repr\u00e9sentations, il accueille diff\u00e9rents ateliers tout au long de la semaine pour apprendre ou se perfectionner dans la pratique th\u00e9\u00e2trale. <\/p>\n<p>Que vous soyez enfant, ado, adulte, ou senior, il y a forc\u00e9ment un atelier pour vous. Tous les cours sont assur\u00e9s par Eric PUCHE.<\/p>\n<p>Des stages ouverts \u00e0 tous y sont \u00e9galement propos\u00e9s tout au long de l\u2019ann\u00e9e, sur des th\u00e9matiques pr\u00e9cises.<\/p>\n<p>Salle de spectacle depuis maintenant deux ans, une programmation annuelle vous est propos\u00e9e chaque ann\u00e9e.<\/p>\n<p>En visitant le site vous pourrez \u00e9galement consulter les derniers spectacles en cours ou les archives qui vous replongeront dans de beaux souvenirs, j\u2019en suis certain.<\/p>\n<p>Vous souhaitez avoir professionnellement \u00e0 disposition une salle pour vos manifestations, rencontres, r\u00e9sidences, vous pouvez nous solliciter. <\/p>\n<p>Le programme 2025\/2026.<\/p>\n<p>Samedi 16 mai 2026 \u00e0 20h30 et Dimanche 17 mai 2026 \u00e0 17h00<br \/>\nSev Edene et Azelio par Prod avenir<\/p>\n<p>Plongez dans une exp\u00e9rience musicale in\u00e9dite o\u00f9 la Pot rencontre un univers son et lumi\u00e8re avant-gardiste! Sev Edene accompgan\u00e9e d&#8217;Azelio, vous invite \u00e0 embarquer pour un voyage sonore d&#8217;une dur\u00e9e de 1h30. Ces deux artistes multi-instrumentistes vous feront d\u00e9couvrir une palette riche et vari\u00e9e de sonoristes, guidant vos \u00e9motions \u00e0 travers un spectacle unique. A bord de ce vaisseau musical, Sev Edene et Azelio vous m\u00e8neront vers des destinations aussi diverses que captivantes. Chaque chanson est une escale o\u00f9 vous explorez un univers musical distinct: du piano-voix intimiste aux compositions futuristes, en passant par des rythmes dance! Les sonorit\u00e9s se succ\u00e8dent et surprennent, notamment avec l&#8217;apparition d&#8217;un saxophone et d&#8217;une trompette qui viendront ponctuer ce voyage sonore. Un univers Visuel Hypnotique. Ce show immersif \u00e9veillera les sens et enchantera tous les spectateurs, petits et grands, les transformant en voyageurs d&#8217;un soir. Un concert pour tous. C&#8217;est dans un style aux tendances Pop que le public est port\u00e9 dans des sonorit\u00e9s envo\u00fbtantes et spatiales. Une invitation au r\u00eave et \u00e0 l&#8217;\u00e9vasion, pour  une soir\u00e9e o\u00f9 le temps semble suspendu.<\/p>\n<p>Samedi 13 juin 2026 \u00e0 20h30 (d\u00e9gustation \u00e0  partir de 19h00) et Dimanche 14 juin 2026 \u00e0 17h00<br \/>\nAmesagrammes par le Th\u00e9\u00e2tre de l&#8217;inattendu<\/p>\n<p>&#8216;&#8230;para\u00eet qu&#8217;on perd 10 grammes \u00e0 la seconde o\u00f9 l&#8217;on meurt&#8230;&#8217;<br \/>\nValentin est le dernier matelot d&#8217;un vieux rafiot \u00e9chou\u00e9. Quatre personnages \u00e2g\u00e9es en errance s&#8217;embarquent avec lui et son fils pour une derni\u00e8re croisi\u00e8re, un bal perdu, une dance avec la vie&#8230;Car, c&#8217;est de la vie dont on partle ici avec une profonde humanit\u00e9, un humour bien balanc\u00e9 et une part de r\u00eave qui nous cueille d\u00e8s les premiers instants.&#8217;<br \/>\nUne histoire, peut-\u00eatre m\u00eame un conte qui nous plonge dans ce que l&#8217;humanit\u00e9 pourrait avoir de plus intie, r\u00e9v\u00e9lateur: le cr\u00e9pusculed de la vie. D&#8217;exp\u00e9riences accumul\u00e9es en bilans, sommes-nous les garants? Interpr\u00e9t\u00e9 et mis en sc\u00e8ne par Jean-Luc Voegele et Eric Puche, le voyage, tendre et dr\u00f4le \u00e0 la fois nous fait d\u00e9couvrir les multiples facettes de ces deux personnages fantasques.<br \/>\nLa gal\u00e8re de la vie transform\u00e9e en croisi\u00e8re \u00e9pique. Chacun y retrouve un proche parent, un ami, une connaissance. On se laisse emporter dans une installation simple o\u00f9 les corps nous parlent et les voix guident l&#8217;\u00e2me.<br \/>\nEn plus du texte, inventif, plein de finese e d&#8217;intelligence, les deux com\u00e9diens, Eric Puche et Jean-Luc Voeg\u00e8le se livrent \u00e0 une v\u00e9ritable performance d&#8217;acteurs, incarnant plusieurs personnages d&#8217;une \u00e9tonnante v\u00e9racit\u00e9. Ils sont tour \u00e0 tour cyniques, philosophes, bouffons, s\u00e9rieux, l\u00e9gers et burlesques. Du rire \u00e0 l&#8217;\u00e9motion, un spectacle d\u00e9bordant d&#8217;humanit\u00e9. <\/p>\n","protected":false},"featured_media":0,"template":"","meta":{"_acf_changed":false,"_et_pb_use_builder":"","_et_pb_old_content":"","_et_gb_content_width":""},"tsc_cat_evenement":[1127],"class_list":["post-81392","tsc_evenement","type-tsc_evenement","status-publish","hentry","tsc_cat_evenement-theatre"],"acf":[],"yoast_head":"<!-- This site is optimized with the Yoast SEO plugin v26.9 - https:\/\/yoast.com\/product\/yoast-seo-wordpress\/ -->\n<title>TH\u00c9\u00c2TRE DE L&#039;INATTENDU SAISON 2025\/2026 - Office de Tourisme Aspres-Thuir<\/title>\n<meta name=\"robots\" content=\"index, follow, max-snippet:-1, max-image-preview:large, max-video-preview:-1\" \/>\n<link rel=\"canonical\" href=\"https:\/\/aspres-thuir.com\/ca\/evenement\/theatre-de-linattendu-saison-2025-2026\/\" \/>\n<meta property=\"og:locale\" content=\"ca_ES\" \/>\n<meta property=\"og:type\" content=\"article\" \/>\n<meta property=\"og:title\" content=\"TH\u00c9\u00c2TRE DE L&#039;INATTENDU SAISON 2025\/2026 - Office de Tourisme Aspres-Thuir\" \/>\n<meta property=\"og:description\" content=\"Au c\u0153ur du territoire des Aspres, un petit \u00e9crin de culture et de convivialit\u00e9 a vu le jour il y a dix ans. Cet \u00e9crin, c\u2019est le Th\u00e9\u00e2tre de l\u2019Inattendu, \u00e0 Villemolaque. Lieu de r\u00e9p\u00e9titions, de cr\u00e9ations et de repr\u00e9sentations, il accueille diff\u00e9rents ateliers tout au long de la semaine pour apprendre ou se perfectionner [&hellip;]\" \/>\n<meta property=\"og:site_name\" content=\"Office de Tourisme Aspres-Thuir\" \/>\n<meta property=\"article:modified_time\" content=\"2026-05-01T01:15:15+00:00\" \/>\n<meta name=\"twitter:card\" content=\"summary_large_image\" \/>\n<meta name=\"twitter:label1\" content=\"Est. reading time\" \/>\n\t<meta name=\"twitter:data1\" content=\"3 minutes\" \/>\n<script type=\"application\/ld+json\" class=\"yoast-schema-graph\">{\"@context\":\"https:\/\/schema.org\",\"@graph\":[{\"@type\":\"WebPage\",\"@id\":\"https:\/\/aspres-thuir.com\/ca\/evenement\/theatre-de-linattendu-saison-2025-2026\/\",\"url\":\"https:\/\/aspres-thuir.com\/ca\/evenement\/theatre-de-linattendu-saison-2025-2026\/\",\"name\":\"TH\u00c9\u00c2TRE DE L'INATTENDU SAISON 2025\/2026 - Office de Tourisme Aspres-Thuir\",\"isPartOf\":{\"@id\":\"https:\/\/aspres-thuir.com\/ca\/#website\"},\"datePublished\":\"2026-04-10T08:28:11+00:00\",\"dateModified\":\"2026-05-01T01:15:15+00:00\",\"breadcrumb\":{\"@id\":\"https:\/\/aspres-thuir.com\/ca\/evenement\/theatre-de-linattendu-saison-2025-2026\/#breadcrumb\"},\"inLanguage\":\"ca\",\"potentialAction\":[{\"@type\":\"ReadAction\",\"target\":[\"https:\/\/aspres-thuir.com\/ca\/evenement\/theatre-de-linattendu-saison-2025-2026\/\"]}]},{\"@type\":\"BreadcrumbList\",\"@id\":\"https:\/\/aspres-thuir.com\/ca\/evenement\/theatre-de-linattendu-saison-2025-2026\/#breadcrumb\",\"itemListElement\":[{\"@type\":\"ListItem\",\"position\":1,\"name\":\"\",\"item\":\"https:\/\/aspres-thuir.com\/ca\/\"},{\"@type\":\"ListItem\",\"position\":2,\"name\":\"\u00c9v\u00e9nements\",\"item\":\"https:\/\/aspres-thuir.com\/ca\/evenement\/\"},{\"@type\":\"ListItem\",\"position\":3,\"name\":\"TH\u00c9\u00c2TRE DE L&#8217;INATTENDU SAISON 2025\/2026\"}]},{\"@type\":\"WebSite\",\"@id\":\"https:\/\/aspres-thuir.com\/ca\/#website\",\"url\":\"https:\/\/aspres-thuir.com\/ca\/\",\"name\":\"Office de Tourisme Aspres-Thuir\",\"description\":\"\",\"potentialAction\":[{\"@type\":\"SearchAction\",\"target\":{\"@type\":\"EntryPoint\",\"urlTemplate\":\"https:\/\/aspres-thuir.com\/ca\/?s={search_term_string}\"},\"query-input\":{\"@type\":\"PropertyValueSpecification\",\"valueRequired\":true,\"valueName\":\"search_term_string\"}}],\"inLanguage\":\"ca\"}]}<\/script>\n<!-- \/ Yoast SEO plugin. -->","yoast_head_json":{"title":"TH\u00c9\u00c2TRE DE L'INATTENDU SAISON 2025\/2026 - Office de Tourisme Aspres-Thuir","robots":{"index":"index","follow":"follow","max-snippet":"max-snippet:-1","max-image-preview":"max-image-preview:large","max-video-preview":"max-video-preview:-1"},"canonical":"https:\/\/aspres-thuir.com\/ca\/evenement\/theatre-de-linattendu-saison-2025-2026\/","og_locale":"ca_ES","og_type":"article","og_title":"TH\u00c9\u00c2TRE DE L'INATTENDU SAISON 2025\/2026 - Office de Tourisme Aspres-Thuir","og_description":"Au c\u0153ur du territoire des Aspres, un petit \u00e9crin de culture et de convivialit\u00e9 a vu le jour il y a dix ans. Cet \u00e9crin, c\u2019est le Th\u00e9\u00e2tre de l\u2019Inattendu, \u00e0 Villemolaque. Lieu de r\u00e9p\u00e9titions, de cr\u00e9ations et de repr\u00e9sentations, il accueille diff\u00e9rents ateliers tout au long de la semaine pour apprendre ou se perfectionner [&hellip;]","og_site_name":"Office de Tourisme Aspres-Thuir","article_modified_time":"2026-05-01T01:15:15+00:00","twitter_card":"summary_large_image","twitter_misc":{"Est. reading time":"3 minutes"},"schema":{"@context":"https:\/\/schema.org","@graph":[{"@type":"WebPage","@id":"https:\/\/aspres-thuir.com\/ca\/evenement\/theatre-de-linattendu-saison-2025-2026\/","url":"https:\/\/aspres-thuir.com\/ca\/evenement\/theatre-de-linattendu-saison-2025-2026\/","name":"TH\u00c9\u00c2TRE DE L'INATTENDU SAISON 2025\/2026 - Office de Tourisme Aspres-Thuir","isPartOf":{"@id":"https:\/\/aspres-thuir.com\/ca\/#website"},"datePublished":"2026-04-10T08:28:11+00:00","dateModified":"2026-05-01T01:15:15+00:00","breadcrumb":{"@id":"https:\/\/aspres-thuir.com\/ca\/evenement\/theatre-de-linattendu-saison-2025-2026\/#breadcrumb"},"inLanguage":"ca","potentialAction":[{"@type":"ReadAction","target":["https:\/\/aspres-thuir.com\/ca\/evenement\/theatre-de-linattendu-saison-2025-2026\/"]}]},{"@type":"BreadcrumbList","@id":"https:\/\/aspres-thuir.com\/ca\/evenement\/theatre-de-linattendu-saison-2025-2026\/#breadcrumb","itemListElement":[{"@type":"ListItem","position":1,"name":"","item":"https:\/\/aspres-thuir.com\/ca\/"},{"@type":"ListItem","position":2,"name":"\u00c9v\u00e9nements","item":"https:\/\/aspres-thuir.com\/ca\/evenement\/"},{"@type":"ListItem","position":3,"name":"TH\u00c9\u00c2TRE DE L&#8217;INATTENDU SAISON 2025\/2026"}]},{"@type":"WebSite","@id":"https:\/\/aspres-thuir.com\/ca\/#website","url":"https:\/\/aspres-thuir.com\/ca\/","name":"Office de Tourisme Aspres-Thuir","description":"","potentialAction":[{"@type":"SearchAction","target":{"@type":"EntryPoint","urlTemplate":"https:\/\/aspres-thuir.com\/ca\/?s={search_term_string}"},"query-input":{"@type":"PropertyValueSpecification","valueRequired":true,"valueName":"search_term_string"}}],"inLanguage":"ca"}]}},"_links":{"self":[{"href":"https:\/\/aspres-thuir.com\/ca\/wp-json\/wp\/v2\/tsc_evenement\/81392","targetHints":{"allow":["GET"]}}],"collection":[{"href":"https:\/\/aspres-thuir.com\/ca\/wp-json\/wp\/v2\/tsc_evenement"}],"about":[{"href":"https:\/\/aspres-thuir.com\/ca\/wp-json\/wp\/v2\/types\/tsc_evenement"}],"wp:attachment":[{"href":"https:\/\/aspres-thuir.com\/ca\/wp-json\/wp\/v2\/media?parent=81392"}],"wp:term":[{"taxonomy":"tsc_cat_evenement","embeddable":true,"href":"https:\/\/aspres-thuir.com\/ca\/wp-json\/wp\/v2\/tsc_cat_evenement?post=81392"}],"curies":[{"name":"wp","href":"https:\/\/api.w.org\/{rel}","templated":true}]}}