{"id":84243,"date":"2026-04-22T17:26:28","date_gmt":"2026-04-22T15:26:28","guid":{"rendered":"https:\/\/aspres-thuir.com\/evenement\/sessio-de-coccio-despres-de-la-feina-a-les-celleres-byrrh-2025-2026\/"},"modified":"2026-04-22T17:26:28","modified_gmt":"2026-04-22T15:26:28","slug":"sessio-de-coccio-despres-de-la-feina-a-les-celleres-byrrh-2025-2026","status":"publish","type":"tsc_evenement","link":"https:\/\/aspres-thuir.com\/ca\/evenement\/sessio-de-coccio-despres-de-la-feina-a-les-celleres-byrrh-2025-2026\/","title":{"rendered":"SESSI\u00d3 DE COCCI\u00d3 DESPR\u00c9S DE LA FEINA A LES CELLERES BYRRH 2025\u20132026"},"content":{"rendered":"<p>Grans not\u00edcies: tornen els tallers de cuina Afterwork!<\/p>\n<p>Comencem una altra temporada de sopars deliciosos i convivals&#8230; I ho fem per la porta gran!<br \/>\nAquest any, estem encantats de donar la benvinguda al nostre nou cap de cuina: Bruno LEGER, de Toques Blanches du Rousillon!<\/p>\n<p>Creatiu, apassionat per la cuina i aficionat als plats casolans i generosos, s&#8217;uneix a l&#8217;aventura per assegurar-vos que gaudiu de vetllades tan delicioses com relaxants.<br \/>\nPrimer esdeveniment de l&#8217;any: \u00abEntrants catalans\u00bb<\/p>\n<p>Divendres 14 de novembre a les 18.30 h<\/p>\n<p>Un taller ple de sol i del\u00edcies culin\u00e0ries, on aprendr\u00e0s a fer canap\u00e8s catalans t\u00edpics. Perfecta per a un pica-pica amb amics o sopars una mica diferents!<\/p>\n<p>Un ambient agradable i una bona estona garantida!<br \/>\nLes places s\u00f3n limitades, reserva ara!<\/p>\n<p>\nT&#8217;esperem amb el davantal posat i un somriure a la cara!<\/p>\n<p>Pr\u00f2xims esdeveniments:<\/p>\n<p>12\/12\/25 &#8211; Sopar de Nadal<\/p>\n<p>16\/01\/26 &#8211; Poke Bowl<\/p>\n<p>13\/2\/26 &#8211; Sant Valent\u00ed<\/p>\n<p>20\/3\/26 &#8211; Magreb<\/p>\n<p>10\/4\/26 &#8211; Catalunya: Mar i Muntanya<\/p>\n<p>29\/5\/26 &#8211; Pa\u00eds Basc<\/p>\n<p>26\/6\/26 &#8211; Un recorregut per la Mediterr\u00e0nia\u00a0<\/p>\n","protected":false},"featured_media":0,"template":"","meta":{"_acf_changed":false,"_et_pb_use_builder":"","_et_pb_old_content":"","_et_gb_content_width":""},"tsc_cat_evenement":[],"class_list":["post-84243","tsc_evenement","type-tsc_evenement","status-publish","hentry"],"acf":[],"yoast_head":"<!-- This site is optimized with the Yoast SEO plugin v26.9 - https:\/\/yoast.com\/product\/yoast-seo-wordpress\/ -->\n<title>SESSI\u00d3 DE COCCI\u00d3 DESPR\u00c9S DE LA FEINA A LES CELLERES BYRRH 2025\u20132026 - Office de Tourisme Aspres-Thuir<\/title>\n<meta name=\"robots\" content=\"index, follow, max-snippet:-1, max-image-preview:large, max-video-preview:-1\" \/>\n<link rel=\"canonical\" href=\"https:\/\/aspres-thuir.com\/ca\/evenement\/sessio-de-coccio-despres-de-la-feina-a-les-celleres-byrrh-2025-2026\/\" \/>\n<meta property=\"og:locale\" content=\"ca_ES\" \/>\n<meta property=\"og:type\" content=\"article\" \/>\n<meta property=\"og:title\" content=\"SESSI\u00d3 DE COCCI\u00d3 DESPR\u00c9S DE LA FEINA A LES CELLERES BYRRH 2025\u20132026 - Office de Tourisme Aspres-Thuir\" \/>\n<meta property=\"og:description\" content=\"Grans not\u00edcies: tornen els tallers de cuina Afterwork! Comencem una altra temporada de sopars deliciosos i convivals&#8230; I ho fem per la porta gran! Aquest any, estem encantats de donar la benvinguda al nostre nou cap de cuina: Bruno LEGER, de Toques Blanches du Rousillon! Creatiu, apassionat per la cuina i aficionat als plats casolans [&hellip;]\" \/>\n<meta property=\"og:site_name\" content=\"Office de Tourisme Aspres-Thuir\" \/>\n<meta name=\"twitter:card\" content=\"summary_large_image\" \/>\n<meta name=\"twitter:label1\" content=\"Est. reading time\" \/>\n\t<meta name=\"twitter:data1\" content=\"1 minute\" \/>\n<script type=\"application\/ld+json\" class=\"yoast-schema-graph\">{\"@context\":\"https:\/\/schema.org\",\"@graph\":[{\"@type\":\"WebPage\",\"@id\":\"https:\/\/aspres-thuir.com\/ca\/evenement\/sessio-de-coccio-despres-de-la-feina-a-les-celleres-byrrh-2025-2026\/\",\"url\":\"https:\/\/aspres-thuir.com\/ca\/evenement\/sessio-de-coccio-despres-de-la-feina-a-les-celleres-byrrh-2025-2026\/\",\"name\":\"SESSI\u00d3 DE COCCI\u00d3 DESPR\u00c9S DE LA FEINA A LES CELLERES BYRRH 2025\u20132026 - Office de Tourisme Aspres-Thuir\",\"isPartOf\":{\"@id\":\"https:\/\/aspres-thuir.com\/ca\/#website\"},\"datePublished\":\"2026-04-22T15:26:28+00:00\",\"breadcrumb\":{\"@id\":\"https:\/\/aspres-thuir.com\/ca\/evenement\/sessio-de-coccio-despres-de-la-feina-a-les-celleres-byrrh-2025-2026\/#breadcrumb\"},\"inLanguage\":\"ca\",\"potentialAction\":[{\"@type\":\"ReadAction\",\"target\":[\"https:\/\/aspres-thuir.com\/ca\/evenement\/sessio-de-coccio-despres-de-la-feina-a-les-celleres-byrrh-2025-2026\/\"]}]},{\"@type\":\"BreadcrumbList\",\"@id\":\"https:\/\/aspres-thuir.com\/ca\/evenement\/sessio-de-coccio-despres-de-la-feina-a-les-celleres-byrrh-2025-2026\/#breadcrumb\",\"itemListElement\":[{\"@type\":\"ListItem\",\"position\":1,\"name\":\"\",\"item\":\"https:\/\/aspres-thuir.com\/ca\/\"},{\"@type\":\"ListItem\",\"position\":2,\"name\":\"\u00c9v\u00e9nements\",\"item\":\"https:\/\/aspres-thuir.com\/ca\/evenement\/\"},{\"@type\":\"ListItem\",\"position\":3,\"name\":\"SESSI\u00d3 DE COCCI\u00d3 DESPR\u00c9S DE LA FEINA A LES CELLERES BYRRH 2025\u20132026\"}]},{\"@type\":\"WebSite\",\"@id\":\"https:\/\/aspres-thuir.com\/ca\/#website\",\"url\":\"https:\/\/aspres-thuir.com\/ca\/\",\"name\":\"Office de Tourisme Aspres-Thuir\",\"description\":\"\",\"potentialAction\":[{\"@type\":\"SearchAction\",\"target\":{\"@type\":\"EntryPoint\",\"urlTemplate\":\"https:\/\/aspres-thuir.com\/ca\/?s={search_term_string}\"},\"query-input\":{\"@type\":\"PropertyValueSpecification\",\"valueRequired\":true,\"valueName\":\"search_term_string\"}}],\"inLanguage\":\"ca\"}]}<\/script>\n<!-- \/ Yoast SEO plugin. -->","yoast_head_json":{"title":"SESSI\u00d3 DE COCCI\u00d3 DESPR\u00c9S DE LA FEINA A LES CELLERES BYRRH 2025\u20132026 - Office de Tourisme Aspres-Thuir","robots":{"index":"index","follow":"follow","max-snippet":"max-snippet:-1","max-image-preview":"max-image-preview:large","max-video-preview":"max-video-preview:-1"},"canonical":"https:\/\/aspres-thuir.com\/ca\/evenement\/sessio-de-coccio-despres-de-la-feina-a-les-celleres-byrrh-2025-2026\/","og_locale":"ca_ES","og_type":"article","og_title":"SESSI\u00d3 DE COCCI\u00d3 DESPR\u00c9S DE LA FEINA A LES CELLERES BYRRH 2025\u20132026 - Office de Tourisme Aspres-Thuir","og_description":"Grans not\u00edcies: tornen els tallers de cuina Afterwork! Comencem una altra temporada de sopars deliciosos i convivals&#8230; I ho fem per la porta gran! Aquest any, estem encantats de donar la benvinguda al nostre nou cap de cuina: Bruno LEGER, de Toques Blanches du Rousillon! Creatiu, apassionat per la cuina i aficionat als plats casolans [&hellip;]","og_site_name":"Office de Tourisme Aspres-Thuir","twitter_card":"summary_large_image","twitter_misc":{"Est. reading time":"1 minute"},"schema":{"@context":"https:\/\/schema.org","@graph":[{"@type":"WebPage","@id":"https:\/\/aspres-thuir.com\/ca\/evenement\/sessio-de-coccio-despres-de-la-feina-a-les-celleres-byrrh-2025-2026\/","url":"https:\/\/aspres-thuir.com\/ca\/evenement\/sessio-de-coccio-despres-de-la-feina-a-les-celleres-byrrh-2025-2026\/","name":"SESSI\u00d3 DE COCCI\u00d3 DESPR\u00c9S DE LA FEINA A LES CELLERES BYRRH 2025\u20132026 - Office de Tourisme Aspres-Thuir","isPartOf":{"@id":"https:\/\/aspres-thuir.com\/ca\/#website"},"datePublished":"2026-04-22T15:26:28+00:00","breadcrumb":{"@id":"https:\/\/aspres-thuir.com\/ca\/evenement\/sessio-de-coccio-despres-de-la-feina-a-les-celleres-byrrh-2025-2026\/#breadcrumb"},"inLanguage":"ca","potentialAction":[{"@type":"ReadAction","target":["https:\/\/aspres-thuir.com\/ca\/evenement\/sessio-de-coccio-despres-de-la-feina-a-les-celleres-byrrh-2025-2026\/"]}]},{"@type":"BreadcrumbList","@id":"https:\/\/aspres-thuir.com\/ca\/evenement\/sessio-de-coccio-despres-de-la-feina-a-les-celleres-byrrh-2025-2026\/#breadcrumb","itemListElement":[{"@type":"ListItem","position":1,"name":"","item":"https:\/\/aspres-thuir.com\/ca\/"},{"@type":"ListItem","position":2,"name":"\u00c9v\u00e9nements","item":"https:\/\/aspres-thuir.com\/ca\/evenement\/"},{"@type":"ListItem","position":3,"name":"SESSI\u00d3 DE COCCI\u00d3 DESPR\u00c9S DE LA FEINA A LES CELLERES BYRRH 2025\u20132026"}]},{"@type":"WebSite","@id":"https:\/\/aspres-thuir.com\/ca\/#website","url":"https:\/\/aspres-thuir.com\/ca\/","name":"Office de Tourisme Aspres-Thuir","description":"","potentialAction":[{"@type":"SearchAction","target":{"@type":"EntryPoint","urlTemplate":"https:\/\/aspres-thuir.com\/ca\/?s={search_term_string}"},"query-input":{"@type":"PropertyValueSpecification","valueRequired":true,"valueName":"search_term_string"}}],"inLanguage":"ca"}]}},"_links":{"self":[{"href":"https:\/\/aspres-thuir.com\/ca\/wp-json\/wp\/v2\/tsc_evenement\/84243","targetHints":{"allow":["GET"]}}],"collection":[{"href":"https:\/\/aspres-thuir.com\/ca\/wp-json\/wp\/v2\/tsc_evenement"}],"about":[{"href":"https:\/\/aspres-thuir.com\/ca\/wp-json\/wp\/v2\/types\/tsc_evenement"}],"wp:attachment":[{"href":"https:\/\/aspres-thuir.com\/ca\/wp-json\/wp\/v2\/media?parent=84243"}],"wp:term":[{"taxonomy":"tsc_cat_evenement","embeddable":true,"href":"https:\/\/aspres-thuir.com\/ca\/wp-json\/wp\/v2\/tsc_cat_evenement?post=84243"}],"curies":[{"name":"wp","href":"https:\/\/api.w.org\/{rel}","templated":true}]}}