{"id":84253,"date":"2026-04-22T17:26:29","date_gmt":"2026-04-22T15:26:29","guid":{"rendered":"https:\/\/aspres-thuir.com\/evenement\/23e-festival-le-printemps-de-laspre-trio-melism-rives-lumineuses\/"},"modified":"2026-04-22T17:26:29","modified_gmt":"2026-04-22T15:26:29","slug":"23e-festival-le-printemps-de-laspre-trio-melism-rives-lumineuses","status":"publish","type":"tsc_evenement","link":"https:\/\/aspres-thuir.com\/ca\/evenement\/23e-festival-le-printemps-de-laspre-trio-melism-rives-lumineuses\/","title":{"rendered":"23\u00e8 Festival Le Printemps de l&#8217;Aspre: &#8220;TRIO MELISM \u2013 RIVES LUMINEUSES&#8221;"},"content":{"rendered":"<p>Can\u00e7ons gregues i sefardites, un di\u00e0leg entre cultures.<br \/>\nAna\u00efs Berenguer (veu, koutalia, daf), Romain de Gourko (guitarra i veu) i J\u00e9r\u00e9mie Schacre (guitarra) \u2013els tres m\u00fasics de Melism\u2013 reinterpreten la m\u00fasica tradicional sefardita i grega. Can\u00e7ons d&#8217;Espanya i Gr\u00e8cia s&#8217;entrellacen i es fan ress\u00f2 m\u00fatuament, formant ponts entre dues cultures. Les improvisacions amb un toc gitano es barregen amb el ritme languid d&#8217;una dansa grega. Lletres po\u00e8tiques en franc\u00e8s fan de mirall de les improvisacions i del cant. Un concert \u00edntim i nost\u00e0lgic. <br \/>\nDegustaci\u00f3 de vins de Ch\u00e2teau Lauriga. <\/p>\n","protected":false},"featured_media":0,"template":"","meta":{"_acf_changed":false,"_et_pb_use_builder":"","_et_pb_old_content":"","_et_gb_content_width":""},"tsc_cat_evenement":[],"class_list":["post-84253","tsc_evenement","type-tsc_evenement","status-publish","hentry"],"acf":[],"yoast_head":"<!-- This site is optimized with the Yoast SEO plugin v26.9 - https:\/\/yoast.com\/product\/yoast-seo-wordpress\/ -->\n<title>23\u00e8 Festival Le Printemps de l&#039;Aspre: &quot;TRIO MELISM \u2013 RIVES LUMINEUSES&quot; - Office de Tourisme Aspres-Thuir<\/title>\n<meta name=\"robots\" content=\"index, follow, max-snippet:-1, max-image-preview:large, max-video-preview:-1\" \/>\n<link rel=\"canonical\" href=\"https:\/\/aspres-thuir.com\/ca\/evenement\/23e-festival-le-printemps-de-laspre-trio-melism-rives-lumineuses\/\" \/>\n<meta property=\"og:locale\" content=\"ca_ES\" \/>\n<meta property=\"og:type\" content=\"article\" \/>\n<meta property=\"og:title\" content=\"23\u00e8 Festival Le Printemps de l&#039;Aspre: &quot;TRIO MELISM \u2013 RIVES LUMINEUSES&quot; - Office de Tourisme Aspres-Thuir\" \/>\n<meta property=\"og:description\" content=\"Can\u00e7ons gregues i sefardites, un di\u00e0leg entre cultures. Ana\u00efs Berenguer (veu, koutalia, daf), Romain de Gourko (guitarra i veu) i J\u00e9r\u00e9mie Schacre (guitarra) \u2013els tres m\u00fasics de Melism\u2013 reinterpreten la m\u00fasica tradicional sefardita i grega. Can\u00e7ons d&#8217;Espanya i Gr\u00e8cia s&#8217;entrellacen i es fan ress\u00f2 m\u00fatuament, formant ponts entre dues cultures. Les improvisacions amb un toc [&hellip;]\" \/>\n<meta property=\"og:site_name\" content=\"Office de Tourisme Aspres-Thuir\" \/>\n<meta name=\"twitter:card\" content=\"summary_large_image\" \/>\n<meta name=\"twitter:label1\" content=\"Est. reading time\" \/>\n\t<meta name=\"twitter:data1\" content=\"1 minute\" \/>\n<script type=\"application\/ld+json\" class=\"yoast-schema-graph\">{\"@context\":\"https:\/\/schema.org\",\"@graph\":[{\"@type\":\"WebPage\",\"@id\":\"https:\/\/aspres-thuir.com\/ca\/evenement\/23e-festival-le-printemps-de-laspre-trio-melism-rives-lumineuses\/\",\"url\":\"https:\/\/aspres-thuir.com\/ca\/evenement\/23e-festival-le-printemps-de-laspre-trio-melism-rives-lumineuses\/\",\"name\":\"23\u00e8 Festival Le Printemps de l'Aspre: \\\"TRIO MELISM \u2013 RIVES LUMINEUSES\\\" - Office de Tourisme Aspres-Thuir\",\"isPartOf\":{\"@id\":\"https:\/\/aspres-thuir.com\/ca\/#website\"},\"datePublished\":\"2026-04-22T15:26:29+00:00\",\"breadcrumb\":{\"@id\":\"https:\/\/aspres-thuir.com\/ca\/evenement\/23e-festival-le-printemps-de-laspre-trio-melism-rives-lumineuses\/#breadcrumb\"},\"inLanguage\":\"ca\",\"potentialAction\":[{\"@type\":\"ReadAction\",\"target\":[\"https:\/\/aspres-thuir.com\/ca\/evenement\/23e-festival-le-printemps-de-laspre-trio-melism-rives-lumineuses\/\"]}]},{\"@type\":\"BreadcrumbList\",\"@id\":\"https:\/\/aspres-thuir.com\/ca\/evenement\/23e-festival-le-printemps-de-laspre-trio-melism-rives-lumineuses\/#breadcrumb\",\"itemListElement\":[{\"@type\":\"ListItem\",\"position\":1,\"name\":\"\",\"item\":\"https:\/\/aspres-thuir.com\/ca\/\"},{\"@type\":\"ListItem\",\"position\":2,\"name\":\"\u00c9v\u00e9nements\",\"item\":\"https:\/\/aspres-thuir.com\/ca\/evenement\/\"},{\"@type\":\"ListItem\",\"position\":3,\"name\":\"23\u00e8 Festival Le Printemps de l&#8217;Aspre: &#8220;TRIO MELISM \u2013 RIVES LUMINEUSES&#8221;\"}]},{\"@type\":\"WebSite\",\"@id\":\"https:\/\/aspres-thuir.com\/ca\/#website\",\"url\":\"https:\/\/aspres-thuir.com\/ca\/\",\"name\":\"Office de Tourisme Aspres-Thuir\",\"description\":\"\",\"potentialAction\":[{\"@type\":\"SearchAction\",\"target\":{\"@type\":\"EntryPoint\",\"urlTemplate\":\"https:\/\/aspres-thuir.com\/ca\/?s={search_term_string}\"},\"query-input\":{\"@type\":\"PropertyValueSpecification\",\"valueRequired\":true,\"valueName\":\"search_term_string\"}}],\"inLanguage\":\"ca\"}]}<\/script>\n<!-- \/ Yoast SEO plugin. -->","yoast_head_json":{"title":"23\u00e8 Festival Le Printemps de l'Aspre: \"TRIO MELISM \u2013 RIVES LUMINEUSES\" - Office de Tourisme Aspres-Thuir","robots":{"index":"index","follow":"follow","max-snippet":"max-snippet:-1","max-image-preview":"max-image-preview:large","max-video-preview":"max-video-preview:-1"},"canonical":"https:\/\/aspres-thuir.com\/ca\/evenement\/23e-festival-le-printemps-de-laspre-trio-melism-rives-lumineuses\/","og_locale":"ca_ES","og_type":"article","og_title":"23\u00e8 Festival Le Printemps de l'Aspre: \"TRIO MELISM \u2013 RIVES LUMINEUSES\" - Office de Tourisme Aspres-Thuir","og_description":"Can\u00e7ons gregues i sefardites, un di\u00e0leg entre cultures. Ana\u00efs Berenguer (veu, koutalia, daf), Romain de Gourko (guitarra i veu) i J\u00e9r\u00e9mie Schacre (guitarra) \u2013els tres m\u00fasics de Melism\u2013 reinterpreten la m\u00fasica tradicional sefardita i grega. Can\u00e7ons d&#8217;Espanya i Gr\u00e8cia s&#8217;entrellacen i es fan ress\u00f2 m\u00fatuament, formant ponts entre dues cultures. Les improvisacions amb un toc [&hellip;]","og_site_name":"Office de Tourisme Aspres-Thuir","twitter_card":"summary_large_image","twitter_misc":{"Est. reading time":"1 minute"},"schema":{"@context":"https:\/\/schema.org","@graph":[{"@type":"WebPage","@id":"https:\/\/aspres-thuir.com\/ca\/evenement\/23e-festival-le-printemps-de-laspre-trio-melism-rives-lumineuses\/","url":"https:\/\/aspres-thuir.com\/ca\/evenement\/23e-festival-le-printemps-de-laspre-trio-melism-rives-lumineuses\/","name":"23\u00e8 Festival Le Printemps de l'Aspre: \"TRIO MELISM \u2013 RIVES LUMINEUSES\" - Office de Tourisme Aspres-Thuir","isPartOf":{"@id":"https:\/\/aspres-thuir.com\/ca\/#website"},"datePublished":"2026-04-22T15:26:29+00:00","breadcrumb":{"@id":"https:\/\/aspres-thuir.com\/ca\/evenement\/23e-festival-le-printemps-de-laspre-trio-melism-rives-lumineuses\/#breadcrumb"},"inLanguage":"ca","potentialAction":[{"@type":"ReadAction","target":["https:\/\/aspres-thuir.com\/ca\/evenement\/23e-festival-le-printemps-de-laspre-trio-melism-rives-lumineuses\/"]}]},{"@type":"BreadcrumbList","@id":"https:\/\/aspres-thuir.com\/ca\/evenement\/23e-festival-le-printemps-de-laspre-trio-melism-rives-lumineuses\/#breadcrumb","itemListElement":[{"@type":"ListItem","position":1,"name":"","item":"https:\/\/aspres-thuir.com\/ca\/"},{"@type":"ListItem","position":2,"name":"\u00c9v\u00e9nements","item":"https:\/\/aspres-thuir.com\/ca\/evenement\/"},{"@type":"ListItem","position":3,"name":"23\u00e8 Festival Le Printemps de l&#8217;Aspre: &#8220;TRIO MELISM \u2013 RIVES LUMINEUSES&#8221;"}]},{"@type":"WebSite","@id":"https:\/\/aspres-thuir.com\/ca\/#website","url":"https:\/\/aspres-thuir.com\/ca\/","name":"Office de Tourisme Aspres-Thuir","description":"","potentialAction":[{"@type":"SearchAction","target":{"@type":"EntryPoint","urlTemplate":"https:\/\/aspres-thuir.com\/ca\/?s={search_term_string}"},"query-input":{"@type":"PropertyValueSpecification","valueRequired":true,"valueName":"search_term_string"}}],"inLanguage":"ca"}]}},"_links":{"self":[{"href":"https:\/\/aspres-thuir.com\/ca\/wp-json\/wp\/v2\/tsc_evenement\/84253","targetHints":{"allow":["GET"]}}],"collection":[{"href":"https:\/\/aspres-thuir.com\/ca\/wp-json\/wp\/v2\/tsc_evenement"}],"about":[{"href":"https:\/\/aspres-thuir.com\/ca\/wp-json\/wp\/v2\/types\/tsc_evenement"}],"wp:attachment":[{"href":"https:\/\/aspres-thuir.com\/ca\/wp-json\/wp\/v2\/media?parent=84253"}],"wp:term":[{"taxonomy":"tsc_cat_evenement","embeddable":true,"href":"https:\/\/aspres-thuir.com\/ca\/wp-json\/wp\/v2\/tsc_cat_evenement?post=84253"}],"curies":[{"name":"wp","href":"https:\/\/api.w.org\/{rel}","templated":true}]}}