{"id":84365,"date":"2026-04-25T03:15:10","date_gmt":"2026-04-25T01:15:10","guid":{"rendered":"https:\/\/aspres-thuir.com\/evenement\/stage-prise-de-parole\/"},"modified":"2026-04-29T03:15:14","modified_gmt":"2026-04-29T01:15:14","slug":"stage-prise-de-parole","status":"publish","type":"tsc_evenement","link":"https:\/\/aspres-thuir.com\/ca\/evenement\/stage-prise-de-parole\/","title":{"rendered":"STAGE &#8211; PRISE DE PAROLE"},"content":{"rendered":"<p>Nouveau stage au Th\u00e9\u00e2tre de L&#8217;Inattendu. Stage de prise de parole<br \/>\nPrendre la parole, c\u2019est entrer en sc\u00e8ne.<br \/>\nCe stage, inspir\u00e9 du th\u00e9\u00e2tre, vous apprend \u00e0 utiliser votre voix, votre corps et votre regard pour capter l\u2019attention et donner du poids \u00e0 vos mots.<br \/>\nIci, pas de discours \u00e0 r\u00e9citer, mais une exploration concr\u00e8te pour transformer le trac en pr\u00e9sence et trouver une parole plus naturelle, plus vivante. Dans un cadre bienveillant, chacun avance \u00e0 son rythme et d\u00e9couvre le plaisir de s\u2019exprimer avec justesse et authenticit\u00e9. Prendre la parole devient alors une rencontre \u2014 avec les autres, et avec soi-m\u00eame.<\/p>\n","protected":false},"featured_media":0,"template":"","meta":{"_acf_changed":false,"_et_pb_use_builder":"","_et_pb_old_content":"","_et_gb_content_width":""},"tsc_cat_evenement":[1114,1127],"class_list":["post-84365","tsc_evenement","type-tsc_evenement","status-publish","hentry","tsc_cat_evenement-stage-atelier","tsc_cat_evenement-theatre"],"acf":[],"yoast_head":"<!-- This site is optimized with the Yoast SEO plugin v26.9 - https:\/\/yoast.com\/product\/yoast-seo-wordpress\/ -->\n<title>STAGE - PRISE DE PAROLE - Office de Tourisme Aspres-Thuir<\/title>\n<meta name=\"robots\" content=\"index, follow, max-snippet:-1, max-image-preview:large, max-video-preview:-1\" \/>\n<link rel=\"canonical\" href=\"https:\/\/aspres-thuir.com\/ca\/evenement\/stage-prise-de-parole\/\" \/>\n<meta property=\"og:locale\" content=\"ca_ES\" \/>\n<meta property=\"og:type\" content=\"article\" \/>\n<meta property=\"og:title\" content=\"STAGE - PRISE DE PAROLE - Office de Tourisme Aspres-Thuir\" \/>\n<meta property=\"og:description\" content=\"Nouveau stage au Th\u00e9\u00e2tre de L&#8217;Inattendu. Stage de prise de parole Prendre la parole, c\u2019est entrer en sc\u00e8ne. Ce stage, inspir\u00e9 du th\u00e9\u00e2tre, vous apprend \u00e0 utiliser votre voix, votre corps et votre regard pour capter l\u2019attention et donner du poids \u00e0 vos mots. Ici, pas de discours \u00e0 r\u00e9citer, mais une exploration concr\u00e8te pour [&hellip;]\" \/>\n<meta property=\"og:site_name\" content=\"Office de Tourisme Aspres-Thuir\" \/>\n<meta property=\"article:modified_time\" content=\"2026-04-29T01:15:14+00:00\" \/>\n<meta name=\"twitter:card\" content=\"summary_large_image\" \/>\n<meta name=\"twitter:label1\" content=\"Est. reading time\" \/>\n\t<meta name=\"twitter:data1\" content=\"1 minute\" \/>\n<script type=\"application\/ld+json\" class=\"yoast-schema-graph\">{\"@context\":\"https:\/\/schema.org\",\"@graph\":[{\"@type\":\"WebPage\",\"@id\":\"https:\/\/aspres-thuir.com\/ca\/evenement\/stage-prise-de-parole\/\",\"url\":\"https:\/\/aspres-thuir.com\/ca\/evenement\/stage-prise-de-parole\/\",\"name\":\"STAGE - PRISE DE PAROLE - Office de Tourisme Aspres-Thuir\",\"isPartOf\":{\"@id\":\"https:\/\/aspres-thuir.com\/ca\/#website\"},\"datePublished\":\"2026-04-25T01:15:10+00:00\",\"dateModified\":\"2026-04-29T01:15:14+00:00\",\"breadcrumb\":{\"@id\":\"https:\/\/aspres-thuir.com\/ca\/evenement\/stage-prise-de-parole\/#breadcrumb\"},\"inLanguage\":\"ca\",\"potentialAction\":[{\"@type\":\"ReadAction\",\"target\":[\"https:\/\/aspres-thuir.com\/ca\/evenement\/stage-prise-de-parole\/\"]}]},{\"@type\":\"BreadcrumbList\",\"@id\":\"https:\/\/aspres-thuir.com\/ca\/evenement\/stage-prise-de-parole\/#breadcrumb\",\"itemListElement\":[{\"@type\":\"ListItem\",\"position\":1,\"name\":\"\",\"item\":\"https:\/\/aspres-thuir.com\/ca\/\"},{\"@type\":\"ListItem\",\"position\":2,\"name\":\"\u00c9v\u00e9nements\",\"item\":\"https:\/\/aspres-thuir.com\/ca\/evenement\/\"},{\"@type\":\"ListItem\",\"position\":3,\"name\":\"STAGE &#8211; PRISE DE PAROLE\"}]},{\"@type\":\"WebSite\",\"@id\":\"https:\/\/aspres-thuir.com\/ca\/#website\",\"url\":\"https:\/\/aspres-thuir.com\/ca\/\",\"name\":\"Office de Tourisme Aspres-Thuir\",\"description\":\"\",\"potentialAction\":[{\"@type\":\"SearchAction\",\"target\":{\"@type\":\"EntryPoint\",\"urlTemplate\":\"https:\/\/aspres-thuir.com\/ca\/?s={search_term_string}\"},\"query-input\":{\"@type\":\"PropertyValueSpecification\",\"valueRequired\":true,\"valueName\":\"search_term_string\"}}],\"inLanguage\":\"ca\"}]}<\/script>\n<!-- \/ Yoast SEO plugin. -->","yoast_head_json":{"title":"STAGE - PRISE DE PAROLE - Office de Tourisme Aspres-Thuir","robots":{"index":"index","follow":"follow","max-snippet":"max-snippet:-1","max-image-preview":"max-image-preview:large","max-video-preview":"max-video-preview:-1"},"canonical":"https:\/\/aspres-thuir.com\/ca\/evenement\/stage-prise-de-parole\/","og_locale":"ca_ES","og_type":"article","og_title":"STAGE - PRISE DE PAROLE - Office de Tourisme Aspres-Thuir","og_description":"Nouveau stage au Th\u00e9\u00e2tre de L&#8217;Inattendu. Stage de prise de parole Prendre la parole, c\u2019est entrer en sc\u00e8ne. Ce stage, inspir\u00e9 du th\u00e9\u00e2tre, vous apprend \u00e0 utiliser votre voix, votre corps et votre regard pour capter l\u2019attention et donner du poids \u00e0 vos mots. Ici, pas de discours \u00e0 r\u00e9citer, mais une exploration concr\u00e8te pour [&hellip;]","og_site_name":"Office de Tourisme Aspres-Thuir","article_modified_time":"2026-04-29T01:15:14+00:00","twitter_card":"summary_large_image","twitter_misc":{"Est. reading time":"1 minute"},"schema":{"@context":"https:\/\/schema.org","@graph":[{"@type":"WebPage","@id":"https:\/\/aspres-thuir.com\/ca\/evenement\/stage-prise-de-parole\/","url":"https:\/\/aspres-thuir.com\/ca\/evenement\/stage-prise-de-parole\/","name":"STAGE - PRISE DE PAROLE - Office de Tourisme Aspres-Thuir","isPartOf":{"@id":"https:\/\/aspres-thuir.com\/ca\/#website"},"datePublished":"2026-04-25T01:15:10+00:00","dateModified":"2026-04-29T01:15:14+00:00","breadcrumb":{"@id":"https:\/\/aspres-thuir.com\/ca\/evenement\/stage-prise-de-parole\/#breadcrumb"},"inLanguage":"ca","potentialAction":[{"@type":"ReadAction","target":["https:\/\/aspres-thuir.com\/ca\/evenement\/stage-prise-de-parole\/"]}]},{"@type":"BreadcrumbList","@id":"https:\/\/aspres-thuir.com\/ca\/evenement\/stage-prise-de-parole\/#breadcrumb","itemListElement":[{"@type":"ListItem","position":1,"name":"","item":"https:\/\/aspres-thuir.com\/ca\/"},{"@type":"ListItem","position":2,"name":"\u00c9v\u00e9nements","item":"https:\/\/aspres-thuir.com\/ca\/evenement\/"},{"@type":"ListItem","position":3,"name":"STAGE &#8211; PRISE DE PAROLE"}]},{"@type":"WebSite","@id":"https:\/\/aspres-thuir.com\/ca\/#website","url":"https:\/\/aspres-thuir.com\/ca\/","name":"Office de Tourisme Aspres-Thuir","description":"","potentialAction":[{"@type":"SearchAction","target":{"@type":"EntryPoint","urlTemplate":"https:\/\/aspres-thuir.com\/ca\/?s={search_term_string}"},"query-input":{"@type":"PropertyValueSpecification","valueRequired":true,"valueName":"search_term_string"}}],"inLanguage":"ca"}]}},"_links":{"self":[{"href":"https:\/\/aspres-thuir.com\/ca\/wp-json\/wp\/v2\/tsc_evenement\/84365","targetHints":{"allow":["GET"]}}],"collection":[{"href":"https:\/\/aspres-thuir.com\/ca\/wp-json\/wp\/v2\/tsc_evenement"}],"about":[{"href":"https:\/\/aspres-thuir.com\/ca\/wp-json\/wp\/v2\/types\/tsc_evenement"}],"wp:attachment":[{"href":"https:\/\/aspres-thuir.com\/ca\/wp-json\/wp\/v2\/media?parent=84365"}],"wp:term":[{"taxonomy":"tsc_cat_evenement","embeddable":true,"href":"https:\/\/aspres-thuir.com\/ca\/wp-json\/wp\/v2\/tsc_cat_evenement?post=84365"}],"curies":[{"name":"wp","href":"https:\/\/api.w.org\/{rel}","templated":true}]}}