{"id":41105,"date":"2022-09-24T12:11:06","date_gmt":"2022-09-24T11:11:06","guid":{"rendered":"https:\/\/aspres-thuir.com\/tourisme-handicap\/"},"modified":"2023-05-31T14:44:12","modified_gmt":"2023-05-31T13:44:12","slug":"turismo-y-discapacidad","status":"publish","type":"page","link":"https:\/\/aspres-thuir.com\/es\/turismo-y-discapacidad\/","title":{"rendered":"Turismo y Discapacidad"},"content":{"rendered":"\n<div class=\"wp-block-divi-layout\">[et_pb_section fb_built=&#8221;1&#8243; admin_label=&#8221;section&#8221; _builder_version=&#8221;4.18.0&#8243; background_color=&#8221;#EFEFEF&#8221; custom_padding=&#8221;|0px||0px||&#8221; border_radii=&#8221;on|36px|36px|36px|36px&#8221; global_colors_info=&#8221;{}&#8221;][et_pb_row admin_label=&#8221;row&#8221; _builder_version=&#8221;4.16&#8243; background_size=&#8221;initial&#8221; background_position=&#8221;top_left&#8221; background_repeat=&#8221;repeat&#8221; global_colors_info=&#8221;{}&#8221;][et_pb_column type=&#8221;4_4&#8243; _builder_version=&#8221;4.18.0&#8243; _module_preset=&#8221;default&#8221; global_colors_info=&#8221;{}&#8221;][et_pb_image src=&#8221;https:\/\/aspres-thuir.com\/wp-content\/uploads\/2023\/01\/Pictogramme-Tourisme-Handicap.jpg&#8221; title_text=&#8221;Pictogramme Tourisme &#038; Handicap&#8221; align=&#8221;center&#8221; _builder_version=&#8221;4.19.4&#8243; _module_preset=&#8221;default&#8221; width=&#8221;50%&#8221; global_colors_info=&#8221;{}&#8221;][\/et_pb_image][\/et_pb_column][\/et_pb_row][et_pb_row _builder_version=&#8221;4.18.0&#8243; _module_preset=&#8221;default&#8221; global_colors_info=&#8221;{}&#8221;][et_pb_column type=&#8221;4_4&#8243; _builder_version=&#8221;4.18.0&#8243; _module_preset=&#8221;default&#8221; global_colors_info=&#8221;{}&#8221;][et_pb_text _builder_version=&#8221;4.19.3&#8243; _module_preset=&#8221;default&#8221; global_colors_info=&#8221;{}&#8221;]<p>Creado en 2001, el Sello Tourism &amp; Handicap tiene como objetivo proporcionar informaci\u00f3n fiable y descriptiva sobre la accesibilidad de los lugares e instalaciones tur\u00edsticas, teniendo en cuenta los 4 tipos de discapacidad (auditiva, mental, motora y visual) y desarrollar una oferta tur\u00edstica adaptada.<\/p>\n<p>Los lugares y servicios tur\u00edsticos que han obtenido el Sello de Turismo y Discapacidad son lugares tur\u00edsticos abiertos a todos donde se hace todo lo posible para que todos encuentren su lugar, disfruten de unas buenas vacaciones, disfruten de las visitas y actividades, del entretenimiento y las fiestas, de la comodidad del alojamiento y calidad de la restauraci\u00f3n.<\/p>[\/et_pb_text][\/et_pb_column][\/et_pb_row][et_pb_row column_structure=&#8221;1_2,1_2&#8243; _builder_version=&#8221;4.18.0&#8243; _module_preset=&#8221;default&#8221; global_colors_info=&#8221;{}&#8221;][et_pb_column type=&#8221;1_2&#8243; _builder_version=&#8221;4.18.0&#8243; _module_preset=&#8221;default&#8221; global_colors_info=&#8221;{}&#8221;][et_pb_button button_url=&#8221;https:\/\/tourisme-handicaps.org\/lassociation\/&#8221; button_text=&#8221;DESCUBRE LA ASOCIACI\u00d3N&#8221; button_alignment=&#8221;center&#8221; _builder_version=&#8221;4.19.3&#8243; _module_preset=&#8221;default&#8221; global_colors_info=&#8221;{}&#8221;][\/et_pb_button][\/et_pb_column][et_pb_column type=&#8221;1_2&#8243; _builder_version=&#8221;4.18.0&#8243; _module_preset=&#8221;default&#8221; global_colors_info=&#8221;{}&#8221;][et_pb_button button_url=&#8221;https:\/\/tourisme-handicaps.org\/les-marques-nationales\/tourisme-handicap\/&#8221; button_text=&#8221;DESCUBRE LA MARCA&#8221; button_alignment=&#8221;center&#8221; _builder_version=&#8221;4.19.3&#8243; _module_preset=&#8221;default&#8221; global_colors_info=&#8221;{}&#8221;][\/et_pb_button][\/et_pb_column][\/et_pb_row][\/et_pb_section][et_pb_section fb_built=&#8221;1&#8243; _builder_version=&#8221;4.18.0&#8243; _module_preset=&#8221;default&#8221; global_colors_info=&#8221;{}&#8221;][et_pb_row column_structure=&#8221;1_2,1_2&#8243; _builder_version=&#8221;4.18.0&#8243; _module_preset=&#8221;default&#8221; global_colors_info=&#8221;{}&#8221;][et_pb_column type=&#8221;1_2&#8243; _builder_version=&#8221;4.18.0&#8243; _module_preset=&#8221;default&#8221; global_colors_info=&#8221;{}&#8221;][et_pb_text _builder_version=&#8221;4.19.3&#8243; _module_preset=&#8221;default&#8221; global_colors_info=&#8221;{}&#8221;]<p>Hemos enumerado para usted los alojamientos, establecimientos de restauraci\u00f3n, sitios tur\u00edsticos y de ocio que cumplen con los requisitos de las personas con discapacidad. Un establecimiento puede ser etiquetado por una o m\u00e1s deficiencias entre las cuatro siguientes: auditiva, motora, mental y visual. Para ello, debe cumplir especificaciones y comprometerse a respetarlas a largo plazo. La etiqueta permite proporcionar informaci\u00f3n fiable y objetiva al turista para ayudarle a organizar su estancia de forma independiente, pero tambi\u00e9n garantiza una acogida adaptada y un personal concienciado.<\/p>\n<p style=\"text-align: justify\">Los establecimientos e instalaciones etiquetados pueden identificarse mediante el logotipo de Tourisme &amp; Handicap acompa\u00f1ado de los diferentes pictogramas que representan las discapacidades.<\/p>[\/et_pb_text][\/et_pb_column][et_pb_column type=&#8221;1_2&#8243; _builder_version=&#8221;4.18.0&#8243; _module_preset=&#8221;default&#8221; global_colors_info=&#8221;{}&#8221;][et_pb_image src=&#8221;https:\/\/aspres-thuir.com\/wp-content\/uploads\/2022\/08\/IMG-7453-scaled-e1659534409998.jpg&#8221; title_text=&#8221;IMG-7453&#8243; _builder_version=&#8221;4.18.0&#8243; _module_preset=&#8221;default&#8221; custom_margin=&#8221;|-6px||||&#8221; global_colors_info=&#8221;{}&#8221;][\/et_pb_image][\/et_pb_column][\/et_pb_row][et_pb_row _builder_version=&#8221;4.19.1&#8243; _module_preset=&#8221;default&#8221; global_colors_info=&#8221;{}&#8221;][et_pb_column type=&#8221;4_4&#8243; _builder_version=&#8221;4.19.1&#8243; _module_preset=&#8221;default&#8221; global_colors_info=&#8221;{}&#8221;][et_pb_image src=&#8221;https:\/\/aspres-thuir.com\/wp-content\/uploads\/2022\/11\/Plan-de-Thuir-PMR.png&#8221; title_text=&#8221;Plan de Thuir PMR&#8221; show_in_lightbox=&#8221;on&#8221; _builder_version=&#8221;4.19.1&#8243; _module_preset=&#8221;default&#8221; background_image=&#8221;https:\/\/aspres-thuir.com\/wp-content\/uploads\/2022\/11\/Plan-de-Thuir-PMR.png&#8221; global_colors_info=&#8221;{}&#8221;][\/et_pb_image][\/et_pb_column][\/et_pb_row][\/et_pb_section][et_pb_section fb_built=&#8221;1&#8243; _builder_version=&#8221;4.18.0&#8243; _module_preset=&#8221;default&#8221; global_colors_info=&#8221;{}&#8221;][et_pb_row _builder_version=&#8221;4.18.0&#8243; _module_preset=&#8221;default&#8221; global_colors_info=&#8221;{}&#8221;][et_pb_column type=&#8221;4_4&#8243; _builder_version=&#8221;4.18.0&#8243; _module_preset=&#8221;default&#8221; global_colors_info=&#8221;{}&#8221;][et_pb_text _builder_version=&#8221;4.18.0&#8243; _module_preset=&#8221;default&#8221; global_colors_info=&#8221;{}&#8221;]<h3 style=\"text-align: center\">DOCUMENTO PARA DESCARGAR<\/h3>[\/et_pb_text][\/et_pb_column][\/et_pb_row][et_pb_row column_structure=&#8221;1_3,1_3,1_3&#8243; _builder_version=&#8221;4.18.0&#8243; _module_preset=&#8221;default&#8221; global_colors_info=&#8221;{}&#8221;][et_pb_column type=&#8221;1_3&#8243; _builder_version=&#8221;4.18.0&#8243; _module_preset=&#8221;default&#8221; global_colors_info=&#8221;{}&#8221;][et_pb_button button_url=&#8221;https:\/\/aspres-thuir.com\/wp-content\/uploads\/2022\/04\/CASTELNOU-BRAILLE-GROS-CARACTERES.pdf&#8221; button_text=&#8221;CASTELNOU&#8221; button_alignment=&#8221;center&#8221; _builder_version=&#8221;4.18.0&#8243; _module_preset=&#8221;default&#8221; custom_button=&#8221;on&#8221; button_text_size=&#8221;24px&#8221; global_colors_info=&#8221;{}&#8221;][\/et_pb_button][\/et_pb_column][et_pb_column type=&#8221;1_3&#8243; _builder_version=&#8221;4.18.0&#8243; _module_preset=&#8221;default&#8221; global_colors_info=&#8221;{}&#8221;][et_pb_button button_url=&#8221;https:\/\/aspres-thuir.com\/wp-content\/uploads\/2022\/04\/THUIR-BRAILLE-GROS-CARACTERES.pdf&#8221; button_text=&#8221;THUIR&#8221; button_alignment=&#8221;center&#8221; _builder_version=&#8221;4.18.0&#8243; _module_preset=&#8221;default&#8221; custom_button=&#8221;on&#8221; button_text_size=&#8221;24px&#8221; global_colors_info=&#8221;{}&#8221;][\/et_pb_button][\/et_pb_column][et_pb_column type=&#8221;1_3&#8243; _builder_version=&#8221;4.18.0&#8243; _module_preset=&#8221;default&#8221; global_colors_info=&#8221;{}&#8221;][et_pb_button button_url=&#8221;https:\/\/aspres-thuir.com\/wp-content\/uploads\/2022\/04\/CAVES-BYRRH-BRAILLE-GROS-CARACTERES.pdf&#8221; button_text=&#8221;CAVES BYRRH&#8221; _builder_version=&#8221;4.18.0&#8243; _module_preset=&#8221;default&#8221; custom_button=&#8221;on&#8221; button_text_size=&#8221;24px&#8221; global_colors_info=&#8221;{}&#8221;][\/et_pb_button][\/et_pb_column][\/et_pb_row][et_pb_row column_structure=&#8221;1_2,1_2&#8243; _builder_version=&#8221;4.18.0&#8243; _module_preset=&#8221;default&#8221; global_colors_info=&#8221;{}&#8221;][et_pb_column type=&#8221;1_2&#8243; _builder_version=&#8221;4.18.0&#8243; _module_preset=&#8221;default&#8221; global_colors_info=&#8221;{}&#8221;][et_pb_button button_url=&#8221;https:\/\/aspres-thuir.com\/wp-content\/uploads\/2023\/02\/Guide-de-laccessibilite-2023.pdf&#8221; button_text=&#8221;Gu\u00eda de accesibilidad de Aspres 2023&#8243; button_alignment=&#8221;center&#8221; _builder_version=&#8221;4.21.0&#8243; _module_preset=&#8221;default&#8221; custom_button=&#8221;on&#8221; button_text_size=&#8221;24px&#8221; hover_enabled=&#8221;0&#8243; global_colors_info=&#8221;{}&#8221; sticky_enabled=&#8221;0&#8243;][\/et_pb_button][\/et_pb_column][et_pb_column type=&#8221;1_2&#8243; _builder_version=&#8221;4.18.0&#8243; _module_preset=&#8221;default&#8221; global_colors_info=&#8221;{}&#8221;][et_pb_button button_url=&#8221;https:\/\/pro-tourismeadt66.com\/sites\/pro-tourismeadt66.com\/files\/atoms\/files\/brochure_th_adt66_avril_2023_retaillee-1.pdf&#8221; button_text=&#8221;Gu\u00eda de accesibilidad Pirineos Orientales 2023&#8243; button_alignment=&#8221;center&#8221; _builder_version=&#8221;4.21.0&#8243; _module_preset=&#8221;default&#8221; custom_button=&#8221;on&#8221; button_text_size=&#8221;24px&#8221; global_colors_info=&#8221;{}&#8221;][\/et_pb_button][\/et_pb_column][\/et_pb_row][\/et_pb_section][et_pb_section fb_built=&#8221;1&#8243; _builder_version=&#8221;4.18.0&#8243; _module_preset=&#8221;default&#8221; global_colors_info=&#8221;{}&#8221;][et_pb_row _builder_version=&#8221;4.18.0&#8243; _module_preset=&#8221;default&#8221; global_colors_info=&#8221;{}&#8221;][et_pb_column type=&#8221;4_4&#8243; _builder_version=&#8221;4.18.0&#8243; _module_preset=&#8221;default&#8221; global_colors_info=&#8221;{}&#8221;][\/et_pb_column][\/et_pb_row][\/et_pb_section]<\/div>\n","protected":false},"excerpt":{"rendered":"","protected":false},"author":5,"featured_media":40029,"parent":0,"menu_order":0,"comment_status":"closed","ping_status":"closed","template":"","meta":{"_acf_changed":false,"_et_pb_use_builder":"","_et_pb_old_content":"","_et_gb_content_width":"","footnotes":""},"class_list":["post-41105","page","type-page","status-publish","has-post-thumbnail","hentry"],"acf":[],"yoast_head":"<!-- This site is optimized with the Yoast SEO plugin v26.9 - https:\/\/yoast.com\/product\/yoast-seo-wordpress\/ -->\n<title>Turismo y Discapacidad - Office de Tourisme Aspres-Thuir<\/title>\n<meta name=\"robots\" content=\"index, follow, max-snippet:-1, max-image-preview:large, max-video-preview:-1\" \/>\n<link rel=\"canonical\" href=\"https:\/\/aspres-thuir.com\/es\/turismo-y-discapacidad\/\" \/>\n<meta property=\"og:locale\" content=\"es_ES\" \/>\n<meta property=\"og:type\" content=\"article\" \/>\n<meta property=\"og:title\" content=\"Turismo y Discapacidad - Office de Tourisme Aspres-Thuir\" \/>\n<meta property=\"og:site_name\" content=\"Office de Tourisme Aspres-Thuir\" \/>\n<meta property=\"article:modified_time\" content=\"2023-05-31T13:44:12+00:00\" \/>\n<meta property=\"og:image\" content=\"https:\/\/aspres-thuir.com\/wp-content\/uploads\/2022\/09\/byrrh-2.jpg\" \/>\n\t<meta property=\"og:image:width\" content=\"2816\" \/>\n\t<meta property=\"og:image:height\" content=\"1880\" \/>\n\t<meta property=\"og:image:type\" content=\"image\/jpeg\" \/>\n<meta name=\"twitter:card\" content=\"summary_large_image\" \/>\n<meta name=\"twitter:label1\" content=\"Est. reading time\" \/>\n\t<meta name=\"twitter:data1\" content=\"3 minutes\" \/>\n<script type=\"application\/ld+json\" class=\"yoast-schema-graph\">{\"@context\":\"https:\/\/schema.org\",\"@graph\":[{\"@type\":\"WebPage\",\"@id\":\"https:\/\/aspres-thuir.com\/es\/turismo-y-discapacidad\/\",\"url\":\"https:\/\/aspres-thuir.com\/es\/turismo-y-discapacidad\/\",\"name\":\"Turismo y Discapacidad - Office de Tourisme Aspres-Thuir\",\"isPartOf\":{\"@id\":\"https:\/\/aspres-thuir.com\/es\/#website\"},\"primaryImageOfPage\":{\"@id\":\"https:\/\/aspres-thuir.com\/es\/turismo-y-discapacidad\/#primaryimage\"},\"image\":{\"@id\":\"https:\/\/aspres-thuir.com\/es\/turismo-y-discapacidad\/#primaryimage\"},\"thumbnailUrl\":\"https:\/\/aspres-thuir.com\/wp-content\/uploads\/2022\/09\/byrrh-2.jpg\",\"datePublished\":\"2022-09-24T11:11:06+00:00\",\"dateModified\":\"2023-05-31T13:44:12+00:00\",\"breadcrumb\":{\"@id\":\"https:\/\/aspres-thuir.com\/es\/turismo-y-discapacidad\/#breadcrumb\"},\"inLanguage\":\"es-ES\",\"potentialAction\":[{\"@type\":\"ReadAction\",\"target\":[\"https:\/\/aspres-thuir.com\/es\/turismo-y-discapacidad\/\"]}]},{\"@type\":\"ImageObject\",\"inLanguage\":\"es-ES\",\"@id\":\"https:\/\/aspres-thuir.com\/es\/turismo-y-discapacidad\/#primaryimage\",\"url\":\"https:\/\/aspres-thuir.com\/wp-content\/uploads\/2022\/09\/byrrh-2.jpg\",\"contentUrl\":\"https:\/\/aspres-thuir.com\/wp-content\/uploads\/2022\/09\/byrrh-2.jpg\",\"width\":2816,\"height\":1880},{\"@type\":\"BreadcrumbList\",\"@id\":\"https:\/\/aspres-thuir.com\/es\/turismo-y-discapacidad\/#breadcrumb\",\"itemListElement\":[{\"@type\":\"ListItem\",\"position\":1,\"name\":\"\",\"item\":\"https:\/\/aspres-thuir.com\/es\/\"},{\"@type\":\"ListItem\",\"position\":2,\"name\":\"Turismo y Discapacidad\"}]},{\"@type\":\"WebSite\",\"@id\":\"https:\/\/aspres-thuir.com\/es\/#website\",\"url\":\"https:\/\/aspres-thuir.com\/es\/\",\"name\":\"Office de Tourisme Aspres-Thuir\",\"description\":\"\",\"potentialAction\":[{\"@type\":\"SearchAction\",\"target\":{\"@type\":\"EntryPoint\",\"urlTemplate\":\"https:\/\/aspres-thuir.com\/es\/?s={search_term_string}\"},\"query-input\":{\"@type\":\"PropertyValueSpecification\",\"valueRequired\":true,\"valueName\":\"search_term_string\"}}],\"inLanguage\":\"es-ES\"}]}<\/script>\n<!-- \/ Yoast SEO plugin. -->","yoast_head_json":{"title":"Turismo y Discapacidad - Office de Tourisme Aspres-Thuir","robots":{"index":"index","follow":"follow","max-snippet":"max-snippet:-1","max-image-preview":"max-image-preview:large","max-video-preview":"max-video-preview:-1"},"canonical":"https:\/\/aspres-thuir.com\/es\/turismo-y-discapacidad\/","og_locale":"es_ES","og_type":"article","og_title":"Turismo y Discapacidad - Office de Tourisme Aspres-Thuir","og_site_name":"Office de Tourisme Aspres-Thuir","article_modified_time":"2023-05-31T13:44:12+00:00","og_image":[{"width":2816,"height":1880,"url":"https:\/\/aspres-thuir.com\/wp-content\/uploads\/2022\/09\/byrrh-2.jpg","type":"image\/jpeg"}],"twitter_card":"summary_large_image","twitter_misc":{"Est. reading time":"3 minutes"},"schema":{"@context":"https:\/\/schema.org","@graph":[{"@type":"WebPage","@id":"https:\/\/aspres-thuir.com\/es\/turismo-y-discapacidad\/","url":"https:\/\/aspres-thuir.com\/es\/turismo-y-discapacidad\/","name":"Turismo y Discapacidad - Office de Tourisme Aspres-Thuir","isPartOf":{"@id":"https:\/\/aspres-thuir.com\/es\/#website"},"primaryImageOfPage":{"@id":"https:\/\/aspres-thuir.com\/es\/turismo-y-discapacidad\/#primaryimage"},"image":{"@id":"https:\/\/aspres-thuir.com\/es\/turismo-y-discapacidad\/#primaryimage"},"thumbnailUrl":"https:\/\/aspres-thuir.com\/wp-content\/uploads\/2022\/09\/byrrh-2.jpg","datePublished":"2022-09-24T11:11:06+00:00","dateModified":"2023-05-31T13:44:12+00:00","breadcrumb":{"@id":"https:\/\/aspres-thuir.com\/es\/turismo-y-discapacidad\/#breadcrumb"},"inLanguage":"es-ES","potentialAction":[{"@type":"ReadAction","target":["https:\/\/aspres-thuir.com\/es\/turismo-y-discapacidad\/"]}]},{"@type":"ImageObject","inLanguage":"es-ES","@id":"https:\/\/aspres-thuir.com\/es\/turismo-y-discapacidad\/#primaryimage","url":"https:\/\/aspres-thuir.com\/wp-content\/uploads\/2022\/09\/byrrh-2.jpg","contentUrl":"https:\/\/aspres-thuir.com\/wp-content\/uploads\/2022\/09\/byrrh-2.jpg","width":2816,"height":1880},{"@type":"BreadcrumbList","@id":"https:\/\/aspres-thuir.com\/es\/turismo-y-discapacidad\/#breadcrumb","itemListElement":[{"@type":"ListItem","position":1,"name":"","item":"https:\/\/aspres-thuir.com\/es\/"},{"@type":"ListItem","position":2,"name":"Turismo y Discapacidad"}]},{"@type":"WebSite","@id":"https:\/\/aspres-thuir.com\/es\/#website","url":"https:\/\/aspres-thuir.com\/es\/","name":"Office de Tourisme Aspres-Thuir","description":"","potentialAction":[{"@type":"SearchAction","target":{"@type":"EntryPoint","urlTemplate":"https:\/\/aspres-thuir.com\/es\/?s={search_term_string}"},"query-input":{"@type":"PropertyValueSpecification","valueRequired":true,"valueName":"search_term_string"}}],"inLanguage":"es-ES"}]}},"_links":{"self":[{"href":"https:\/\/aspres-thuir.com\/es\/wp-json\/wp\/v2\/pages\/41105","targetHints":{"allow":["GET"]}}],"collection":[{"href":"https:\/\/aspres-thuir.com\/es\/wp-json\/wp\/v2\/pages"}],"about":[{"href":"https:\/\/aspres-thuir.com\/es\/wp-json\/wp\/v2\/types\/page"}],"author":[{"embeddable":true,"href":"https:\/\/aspres-thuir.com\/es\/wp-json\/wp\/v2\/users\/5"}],"replies":[{"embeddable":true,"href":"https:\/\/aspres-thuir.com\/es\/wp-json\/wp\/v2\/comments?post=41105"}],"version-history":[{"count":0,"href":"https:\/\/aspres-thuir.com\/es\/wp-json\/wp\/v2\/pages\/41105\/revisions"}],"wp:featuredmedia":[{"embeddable":true,"href":"https:\/\/aspres-thuir.com\/es\/wp-json\/wp\/v2\/media\/40029"}],"wp:attachment":[{"href":"https:\/\/aspres-thuir.com\/es\/wp-json\/wp\/v2\/media?parent=41105"}],"curies":[{"name":"wp","href":"https:\/\/api.w.org\/{rel}","templated":true}]}}