{"id":77847,"date":"2026-03-26T13:47:19","date_gmt":"2026-03-26T12:47:19","guid":{"rendered":"https:\/\/aspres-thuir.com\/hebergement\/mas-del-roc-3\/"},"modified":"2026-04-22T17:19:27","modified_gmt":"2026-04-22T15:19:27","slug":"mas-del-roc-3","status":"publish","type":"tsc_hebergement","link":"https:\/\/aspres-thuir.com\/es\/hebergement\/mas-del-roc-3\/","title":{"rendered":"MAS DEL ROC"},"content":{"rendered":"<p>Bienvenido a Cam\u00e9las, un peque\u00f1o pueblo de las colinas de Aspres, con un n\u00facleo urbano y algunas calles. Hay pocas viviendas, y la vida es tranquila y apacible. A pocos kil\u00f3metros del alquiler de vacaciones, descubra Castelnou, uno de los pueblos m\u00e1s bonitos de Francia, y su castillo catal\u00e1n, visita obligada de la \u00e9poca medieval.<\/p>\n<p>Las 4 habitaciones de hu\u00e9spedes son amplias y confortables, con aire acondicionado y un mobiliario refinado. Es el lugar ideal para reponer fuerzas y disfrutar de la naturaleza.<br \/>\nLos hu\u00e9spedes tienen a su disposici\u00f3n una cocina de verano cubierta con una c\u00f3moda zona de comedor de dise\u00f1o, equipada con nevera, vitrocer\u00e1mica y horno.<br \/>\nSpa y zona de relajaci\u00f3n con ducha y WC<\/p>\n<p>Disfrutar\u00e1 tomando el sol junto a la piscina de los propietarios (10,80 x 4,50 x 1 a 2 m de profundidad).<br \/>\nWifi disponible en las zonas comunes. Camino de acceso hormigonado hasta el Mas. Aparcamiento cubierto en la propiedad. Piscina cubierta. Jard\u00edn no cerrado.<\/p>\n","protected":false},"featured_media":0,"template":"","meta":{"_acf_changed":false,"_et_pb_use_builder":"","_et_pb_old_content":"","_et_gb_content_width":""},"tsc_cat_hebergement":[],"class_list":["post-77847","tsc_hebergement","type-tsc_hebergement","status-publish","hentry"],"acf":[],"yoast_head":"<!-- This site is optimized with the Yoast SEO plugin v26.9 - https:\/\/yoast.com\/product\/yoast-seo-wordpress\/ -->\n<title>MAS DEL ROC - Office de Tourisme Aspres-Thuir<\/title>\n<meta name=\"robots\" content=\"index, follow, max-snippet:-1, max-image-preview:large, max-video-preview:-1\" \/>\n<link rel=\"canonical\" href=\"https:\/\/aspres-thuir.com\/es\/hebergement\/mas-del-roc-3\/\" \/>\n<meta property=\"og:locale\" content=\"es_ES\" \/>\n<meta property=\"og:type\" content=\"article\" \/>\n<meta property=\"og:title\" content=\"MAS DEL ROC - Office de Tourisme Aspres-Thuir\" \/>\n<meta property=\"og:description\" content=\"Bienvenido a Cam\u00e9las, un peque\u00f1o pueblo de las colinas de Aspres, con un n\u00facleo urbano y algunas calles. Hay pocas viviendas, y la vida es tranquila y apacible. A pocos kil\u00f3metros del alquiler de vacaciones, descubra Castelnou, uno de los pueblos m\u00e1s bonitos de Francia, y su castillo catal\u00e1n, visita obligada de la \u00e9poca medieval. [&hellip;]\" \/>\n<meta property=\"og:site_name\" content=\"Office de Tourisme Aspres-Thuir\" \/>\n<meta property=\"article:modified_time\" content=\"2026-04-22T15:19:27+00:00\" \/>\n<meta name=\"twitter:card\" content=\"summary_large_image\" \/>\n<meta name=\"twitter:label1\" content=\"Est. reading time\" \/>\n\t<meta name=\"twitter:data1\" content=\"1 minute\" \/>\n<script type=\"application\/ld+json\" class=\"yoast-schema-graph\">{\"@context\":\"https:\/\/schema.org\",\"@graph\":[{\"@type\":\"WebPage\",\"@id\":\"https:\/\/aspres-thuir.com\/es\/hebergement\/mas-del-roc-3\/\",\"url\":\"https:\/\/aspres-thuir.com\/es\/hebergement\/mas-del-roc-3\/\",\"name\":\"MAS DEL ROC - Office de Tourisme Aspres-Thuir\",\"isPartOf\":{\"@id\":\"https:\/\/aspres-thuir.com\/es\/#website\"},\"datePublished\":\"2026-03-26T12:47:19+00:00\",\"dateModified\":\"2026-04-22T15:19:27+00:00\",\"breadcrumb\":{\"@id\":\"https:\/\/aspres-thuir.com\/es\/hebergement\/mas-del-roc-3\/#breadcrumb\"},\"inLanguage\":\"es-ES\",\"potentialAction\":[{\"@type\":\"ReadAction\",\"target\":[\"https:\/\/aspres-thuir.com\/es\/hebergement\/mas-del-roc-3\/\"]}]},{\"@type\":\"BreadcrumbList\",\"@id\":\"https:\/\/aspres-thuir.com\/es\/hebergement\/mas-del-roc-3\/#breadcrumb\",\"itemListElement\":[{\"@type\":\"ListItem\",\"position\":1,\"name\":\"\",\"item\":\"https:\/\/aspres-thuir.com\/es\/\"},{\"@type\":\"ListItem\",\"position\":2,\"name\":\"H\u00e9bergements\",\"item\":\"https:\/\/aspres-thuir.com\/es\/hebergement\/\"},{\"@type\":\"ListItem\",\"position\":3,\"name\":\"MAS DEL ROC\"}]},{\"@type\":\"WebSite\",\"@id\":\"https:\/\/aspres-thuir.com\/es\/#website\",\"url\":\"https:\/\/aspres-thuir.com\/es\/\",\"name\":\"Office de Tourisme Aspres-Thuir\",\"description\":\"\",\"potentialAction\":[{\"@type\":\"SearchAction\",\"target\":{\"@type\":\"EntryPoint\",\"urlTemplate\":\"https:\/\/aspres-thuir.com\/es\/?s={search_term_string}\"},\"query-input\":{\"@type\":\"PropertyValueSpecification\",\"valueRequired\":true,\"valueName\":\"search_term_string\"}}],\"inLanguage\":\"es-ES\"}]}<\/script>\n<!-- \/ Yoast SEO plugin. -->","yoast_head_json":{"title":"MAS DEL ROC - Office de Tourisme Aspres-Thuir","robots":{"index":"index","follow":"follow","max-snippet":"max-snippet:-1","max-image-preview":"max-image-preview:large","max-video-preview":"max-video-preview:-1"},"canonical":"https:\/\/aspres-thuir.com\/es\/hebergement\/mas-del-roc-3\/","og_locale":"es_ES","og_type":"article","og_title":"MAS DEL ROC - Office de Tourisme Aspres-Thuir","og_description":"Bienvenido a Cam\u00e9las, un peque\u00f1o pueblo de las colinas de Aspres, con un n\u00facleo urbano y algunas calles. Hay pocas viviendas, y la vida es tranquila y apacible. A pocos kil\u00f3metros del alquiler de vacaciones, descubra Castelnou, uno de los pueblos m\u00e1s bonitos de Francia, y su castillo catal\u00e1n, visita obligada de la \u00e9poca medieval. [&hellip;]","og_site_name":"Office de Tourisme Aspres-Thuir","article_modified_time":"2026-04-22T15:19:27+00:00","twitter_card":"summary_large_image","twitter_misc":{"Est. reading time":"1 minute"},"schema":{"@context":"https:\/\/schema.org","@graph":[{"@type":"WebPage","@id":"https:\/\/aspres-thuir.com\/es\/hebergement\/mas-del-roc-3\/","url":"https:\/\/aspres-thuir.com\/es\/hebergement\/mas-del-roc-3\/","name":"MAS DEL ROC - Office de Tourisme Aspres-Thuir","isPartOf":{"@id":"https:\/\/aspres-thuir.com\/es\/#website"},"datePublished":"2026-03-26T12:47:19+00:00","dateModified":"2026-04-22T15:19:27+00:00","breadcrumb":{"@id":"https:\/\/aspres-thuir.com\/es\/hebergement\/mas-del-roc-3\/#breadcrumb"},"inLanguage":"es-ES","potentialAction":[{"@type":"ReadAction","target":["https:\/\/aspres-thuir.com\/es\/hebergement\/mas-del-roc-3\/"]}]},{"@type":"BreadcrumbList","@id":"https:\/\/aspres-thuir.com\/es\/hebergement\/mas-del-roc-3\/#breadcrumb","itemListElement":[{"@type":"ListItem","position":1,"name":"","item":"https:\/\/aspres-thuir.com\/es\/"},{"@type":"ListItem","position":2,"name":"H\u00e9bergements","item":"https:\/\/aspres-thuir.com\/es\/hebergement\/"},{"@type":"ListItem","position":3,"name":"MAS DEL ROC"}]},{"@type":"WebSite","@id":"https:\/\/aspres-thuir.com\/es\/#website","url":"https:\/\/aspres-thuir.com\/es\/","name":"Office de Tourisme Aspres-Thuir","description":"","potentialAction":[{"@type":"SearchAction","target":{"@type":"EntryPoint","urlTemplate":"https:\/\/aspres-thuir.com\/es\/?s={search_term_string}"},"query-input":{"@type":"PropertyValueSpecification","valueRequired":true,"valueName":"search_term_string"}}],"inLanguage":"es-ES"}]}},"_links":{"self":[{"href":"https:\/\/aspres-thuir.com\/es\/wp-json\/wp\/v2\/tsc_hebergement\/77847","targetHints":{"allow":["GET"]}}],"collection":[{"href":"https:\/\/aspres-thuir.com\/es\/wp-json\/wp\/v2\/tsc_hebergement"}],"about":[{"href":"https:\/\/aspres-thuir.com\/es\/wp-json\/wp\/v2\/types\/tsc_hebergement"}],"wp:attachment":[{"href":"https:\/\/aspres-thuir.com\/es\/wp-json\/wp\/v2\/media?parent=77847"}],"wp:term":[{"taxonomy":"tsc_cat_hebergement","embeddable":true,"href":"https:\/\/aspres-thuir.com\/es\/wp-json\/wp\/v2\/tsc_cat_hebergement?post=77847"}],"curies":[{"name":"wp","href":"https:\/\/api.w.org\/{rel}","templated":true}]}}